{"id":4104,"date":"2024-05-22T13:48:22","date_gmt":"2024-05-22T10:48:22","guid":{"rendered":"https:\/\/www.sanemaltayli.com\/legal-information\/privacy-policy\/"},"modified":"2024-06-11T22:04:56","modified_gmt":"2024-06-11T19:04:56","slug":"privacy-policy","status":"publish","type":"page","link":"https:\/\/www.sanemaltayli.com\/en\/legal-information\/privacy-policy\/","title":{"rendered":"Privacy Policy"},"content":{"rendered":"<div class=\"wpb-content-wrapper\">[vc_row][vc_column][vc_column_text css=&#8221;&#8221;]\n<h2>Gizlilik Politikas\u0131<\/h2>\n<p><strong>Son G\u00fcncelleme Tarihi 29 Nisan 2023<\/strong><br \/>\n<strong>Y\u00fcr\u00fcrl\u00fck Tarihi 30 Nisan 2021<\/strong><br \/>\nBu Gizlilik Politikas\u0131, web sitemizi kulland\u0131\u011f\u0131n\u0131zda toplad\u0131\u011f\u0131m\u0131z bilgilerinizin toplanmas\u0131, kullan\u0131lmas\u0131 ve if\u015fa edilmesine ili\u015fkin politikalar\u0131n\u0131 a\u00e7\u0131klamaktad\u0131r. ( sanemaltayli.com). (gizlilik-politikasi&#8221;). Hizmete eri\u015ferek veya onu kullanarak, bilgilerinizin bu Gizlilik Politikas\u0131na uygun olarak toplanmas\u0131na, kullan\u0131lmas\u0131na ve if\u015fa edilmesine izin vermi\u015f olursunuz. Ayn\u0131s\u0131na izin vermiyorsan\u0131z, l\u00fctfen hizmete eri\u015fmeyin veya hizmeti kullanmay\u0131n. Bu Gizlilik Politikas\u0131n\u0131 herhangi bir zamanda size \u00f6nceden haber vermeksizin de\u011fi\u015ftirebiliriz ve revize edilmi\u015f Gizlilik Politikas\u0131n\u0131 hizmette yay\u0131nlar\u0131z. Revize Politika, hizmette yay\u0131nlanmas\u0131ndan 180 g\u00fcn sonra ge\u00e7erli olacakt\u0131r ve bu s\u00fcreden sonra hizmete devam eden eri\u015fiminiz veya hizmeti kullan\u0131m\u0131n\u0131z, revize edilmi\u015f Gizlilik Politikas\u0131n\u0131 kabul etti\u011finiz anlam\u0131na gelecektir. Bu nedenle, bu sayfay\u0131 periyodik olarak g\u00f6zden ge\u00e7irmenizi \u00f6neririz.<\/p>\n<p><strong>TOPLADI\u011eIMIZ B\u0130LG\u0130LER:<\/strong><br \/>\nSizinle ilgili a\u015fa\u011f\u0131daki ki\u015fisel bilgileri gerekli durumlarda toplayacak ve i\u015fleyece\u011fiz: \u0130sim<\/p>\n<p>E-posta<br \/>\nmobil<br \/>\nSosyal Medya Profili<br \/>\nDo\u011fum tarihi<br \/>\nAdres<br \/>\n\u0130\u015f adresi<br \/>\nCinsiyet<br \/>\nMedeni Durumu<br \/>\nip Adresi<\/p>\n<p><strong>B\u0130LG\u0130LER\u0130N\u0130Z\u0130 NASIL TOPLUYORUZ:<\/strong><br \/>\nSizinle ilgili bilgileri a\u015fa\u011f\u0131daki \u015fekilde toplar\u0131z\/al\u0131r\u0131z:<\/p>\n<p>Bir kullan\u0131c\u0131 kay\u0131t formunu doldurdu\u011funda veya ba\u015fka bir \u015fekilde ki\u015fisel bilgilerini g\u00f6nderdi\u011finde<br \/>\nWeb sitesi ile etkile\u015fime girer<br \/>\nKamu kaynaklar\u0131ndan<\/p>\n<p><strong>B\u0130LG\u0130LER\u0130N\u0130Z\u0130 NASIL KULLANIYORUZ:<\/strong><br \/>\nHakk\u0131n\u0131zda toplad\u0131\u011f\u0131m\u0131z bilgileri a\u015fa\u011f\u0131daki ama\u00e7lar i\u00e7in kullanaca\u011f\u0131z:<\/p>\n<p>M\u00fc\u015fteri geri bildirimi toplama<br \/>\nH\u00fck\u00fcm ve Ko\u015fullar\u0131 uygula<br \/>\nDestek<br \/>\nM\u00fc\u015fteri sipari\u015fini y\u00f6net<br \/>\nSite korumas\u0131<br \/>\nKullan\u0131c\u0131dan kullan\u0131c\u0131ya yorumlar<br \/>\nkullan\u0131c\u0131 hesab\u0131n\u0131 y\u00f6net<br \/>\nBilgilerinizi ba\u015fka herhangi bir ama\u00e7la kullanmak istiyorsak, sizden izin isteyece\u011fiz ve bilgilerinizi yaln\u0131zca onay\u0131n\u0131z\u0131 ald\u0131ktan sonra ve aksini yapmam\u0131z gerekmedik\u00e7e yaln\u0131zca onay verilen ama\u00e7(lar) i\u00e7in kullanaca\u011f\u0131z.<\/p>\n<p><a href=\"https:\/\/www.mevzuat.gov.tr\/mevzuatmetin\/1.5.6698.pdf\">6698 Ki\u015fisel Verileri Koruma Kanunu<\/a><\/p>\n<p>&nbsp;<\/p>\n<p><strong>B\u0130LG\u0130LER\u0130N\u0130Z\u0130 NASIL PAYLA\u015eIYORUZ:<\/strong><br \/>\nKi\u015fisel bilgilerinizi, a\u015fa\u011f\u0131da a\u00e7\u0131klanan s\u0131n\u0131rl\u0131 durumlar d\u0131\u015f\u0131nda, onay\u0131n\u0131z\u0131 almadan herhangi bir \u00fc\u00e7\u00fcnc\u00fc tarafa aktarmayaca\u011f\u0131z:<\/p>\n<p>T\u00fczel ki\u015filer<br \/>\nAnalitik<br \/>\nVeri toplama ve i\u015fleme<br \/>\nBu t\u00fcr \u00fc\u00e7\u00fcnc\u00fc \u015fah\u0131slar\u0131n kendilerine aktard\u0131\u011f\u0131m\u0131z ki\u015fisel bilgileri yaln\u0131zca aktar\u0131ld\u0131klar\u0131 ama\u00e7 i\u00e7in kullanmalar\u0131n\u0131 ve s\u00f6z konusu amac\u0131n yerine getirilmesi i\u00e7in gerekenden daha uzun s\u00fcre saklamamalar\u0131n\u0131 \u015fart ko\u015fuyoruz.<\/p>\n<p>Ki\u015fisel bilgilerinizi ayr\u0131ca a\u015fa\u011f\u0131dakiler i\u00e7in if\u015fa edebiliriz: (1) y\u00fcr\u00fcrl\u00fckteki yasa, y\u00f6netmelik, mahkeme emri veya di\u011fer yasal i\u015flemlere uymak; (2) bu Gizlilik Politikas\u0131 da dahil olmak \u00fczere bizimle olan anla\u015fmalar\u0131n\u0131z\u0131 uygulamak i\u00e7in; veya (3) Hizmeti kullan\u0131m\u0131n\u0131z\u0131n herhangi bir \u00fc\u00e7\u00fcnc\u00fc taraf hakk\u0131n\u0131 ihlal etti\u011fi iddialar\u0131na yan\u0131t vermek. Hizmet veya \u015firketimiz ba\u015fka bir \u015firketle birle\u015ftirilir veya sat\u0131n al\u0131n\u0131rsa, bilgileriniz yeni sahibine devredilen varl\u0131klardan biri olacakt\u0131r.<\/p>\n<p><strong>B\u0130LG\u0130LER\u0130N\u0130Z\u0130N SAKLANMASI:<\/strong><br \/>\nKi\u015fisel bilgilerinizi, kullan\u0131c\u0131lar hesaplar\u0131n\u0131 kapatt\u0131ktan sonra 90 g\u00fcn ile 2 y\u0131l aras\u0131nda veya bu Gizlilik Politikas\u0131nda ayr\u0131nt\u0131lar\u0131 verildi\u011fi \u015fekilde toplanma ama\u00e7lar\u0131n\u0131 yerine getirmek i\u00e7in ihtiya\u00e7 duydu\u011fumuz s\u00fcre boyunca bizde saklayaca\u011f\u0131z. Y\u00fcr\u00fcrl\u00fckteki yasalara uygun olarak kay\u0131t tutma \/ raporlama gibi veya yasal haklar\u0131n uygulanmas\u0131, doland\u0131r\u0131c\u0131l\u0131\u011f\u0131n \u00f6nlenmesi vb. di\u011fer me\u015fru nedenlerle belirli bilgileri daha uzun s\u00fcreler boyunca saklamam\u0131z gerekebilir. Hi\u00e7biri sizi tan\u0131mlamayan art\u0131k anonim bilgiler ve toplu bilgiler (do\u011frudan veya dolayl\u0131 olarak), s\u00fcresiz olarak saklanabilir.<\/p>\n<p><strong>HAKLARINIZ:<\/strong><br \/>\nGe\u00e7erli yasaya ba\u011fl\u0131 olarak, ki\u015fisel verilerinize eri\u015fme ve bunlar\u0131 d\u00fczeltme veya silme veya ki\u015fisel verilerinizin bir kopyas\u0131n\u0131 alma, verilerinizin aktif olarak i\u015flenmesini k\u0131s\u0131tlama veya buna itiraz etme, bizden ki\u015fisel bilgilerinizi payla\u015fmam\u0131z\u0131 (ta\u015f\u0131mam\u0131z\u0131) isteme hakk\u0131n\u0131z olabilir. bilgileri ba\u015fka bir kurulu\u015fa verme, verilerinizi i\u015flememiz i\u00e7in bize verdi\u011finiz t\u00fcm onaylar\u0131, yasal bir makama \u015fikayette bulunma hakk\u0131n\u0131 ve ge\u00e7erli yasalar kapsam\u0131nda ilgili olabilecek di\u011fer haklar\u0131 geri \u00e7ekin. Bu haklar\u0131n\u0131z\u0131 kullanmak i\u00e7in art@sanemaltayli.com eposta adresinden bize yazabilirsiniz. Talebinize y\u00fcr\u00fcrl\u00fckteki yasalara uygun olarak yan\u0131t verece\u011fiz.<\/p>\n<p>Gerekli ki\u015fisel bilgileri toplamam\u0131za veya i\u015flememize izin vermezseniz veya bunlar\u0131 gerekli ama\u00e7lar do\u011frultusunda i\u015flemek i\u00e7in onay\u0131n\u0131z\u0131 geri \u00e7ekerseniz, bilgilerinizin arand\u0131\u011f\u0131 hizmetlere eri\u015femeyebilece\u011finizi veya bunlar\u0131 kullanamayabilece\u011finizi unutmay\u0131n.<\/p>\n<p><strong>\u00c7EREZLER VB.<\/strong><br \/>\nBunlar\u0131 nas\u0131l kulland\u0131\u011f\u0131m\u0131z ve bu izleme teknolojileriyle ilgili tercihleriniz hakk\u0131nda daha fazla bilgi edinmek i\u00e7in l\u00fctfen <a href=\"http:\/\/sanemaltayli.com\/cerez-politikasi\/\">\u00c7erez Politikam\u0131za<\/a> bak\u0131n.<\/p>\n<p><strong>G\u00dcVENL\u0130K:<\/strong><br \/>\nBilgilerinizin g\u00fcvenli\u011fi bizim i\u00e7in \u00f6nemlidir ve bilgilerinizin kontrol\u00fcm\u00fcz alt\u0131nda kaybolmas\u0131n\u0131, k\u00f6t\u00fcye kullan\u0131lmas\u0131n\u0131 veya izinsiz de\u011fi\u015ftirilmesini \u00f6nlemek i\u00e7in makul g\u00fcvenlik \u00f6nlemleri alaca\u011f\u0131z. Bununla birlikte, yap\u0131sal riskler g\u00f6z \u00f6n\u00fcne al\u0131nd\u0131\u011f\u0131nda, mutlak g\u00fcvenli\u011fi garanti edemeyiz ve sonu\u00e7 olarak, bize iletti\u011finiz herhangi bir bilginin g\u00fcvenli\u011fini sa\u011flayamay\u0131z veya garanti edemeyiz ve bunun riski size aittir.<\/p>\n<p><strong>\u00dc\u00c7\u00dcNC\u00dc TARAF BA\u011eLANTILARI VE B\u0130LG\u0130LER\u0130N\u0130Z\u0130N KULLANIMI:<\/strong><br \/>\nHizmetimiz, bizim taraf\u0131m\u0131zdan i\u015fletilmeyen di\u011fer web sitelerine ba\u011flant\u0131lar i\u00e7erebilir. Bu Gizlilik Politikas\u0131, Hizmet \u00fczerindeki bir ba\u011flant\u0131 arac\u0131l\u0131\u011f\u0131yla eri\u015filebilen herhangi bir web sitesini veya hizmeti i\u015fleten herhangi bir \u00fc\u00e7\u00fcnc\u00fc taraf dahil olmak \u00fczere herhangi bir \u00fc\u00e7\u00fcnc\u00fc taraf\u0131n gizlilik politikas\u0131n\u0131 ve di\u011fer uygulamalar\u0131n\u0131 ele almaz. Ziyaret etti\u011finiz her sitenin gizlilik politikas\u0131n\u0131 g\u00f6zden ge\u00e7irmenizi \u00f6nemle tavsiye ederiz. Herhangi bir \u00fc\u00e7\u00fcnc\u00fc \u015fah\u0131s sitelerinin veya hizmetlerinin i\u00e7eri\u011fi, gizlilik politikalar\u0131 veya uygulamalar\u0131 \u00fczerinde hi\u00e7bir kontrol\u00fcm\u00fcz yoktur ve hi\u00e7bir sorumluluk \u00fcstlenmemekteyiz.<\/p>\n<p><strong>\u015e\u0130KAYET \/ VER\u0130 KORUMA G\u00d6REVL\u0130S\u0130:<\/strong><br \/>\nBizde bulunan bilgilerinizin i\u015flenmesiyle ilgili herhangi bir sorunuz veya endi\u015feniz varsa, eposta adresinden \u015fikayet ve \u00f6neri g\u00f6revlimize e-posta g\u00f6nderebilirsiniz: e-posta: art@sanemaltayli.com<\/p>\n<p>Endi\u015felerinizi y\u00fcr\u00fcrl\u00fckteki yasalara uygun olarak ele alaca\u011f\u0131z.[\/vc_column_text][\/vc_column][\/vc_row]\n<\/div>","protected":false},"excerpt":{"rendered":"<p>[vc_row][vc_column][vc_column_text css=&#8221;&#8221;] Gizlilik Politikas\u0131 Son G\u00fcncelleme Tarihi 29 Nisan 2023 Y\u00fcr\u00fcrl\u00fck Tarihi 30 Nisan 2021 Bu Gizlilik Politikas\u0131, web sitemizi kulland\u0131\u011f\u0131n\u0131zda toplad\u0131\u011f\u0131m\u0131z bilgilerinizin toplanmas\u0131, kullan\u0131lmas\u0131 ve if\u015fa edilmesine ili\u015fkin politikalar\u0131n\u0131 a\u00e7\u0131klamaktad\u0131r. ( sanemaltayli.com). (gizlilik-politikasi&#8221;). Hizmete eri\u015ferek veya onu kullanarak, bilgilerinizin bu Gizlilik Politikas\u0131na uygun olarak toplanmas\u0131na, kullan\u0131lmas\u0131na ve if\u015fa edilmesine [&hellip;]<\/p>\n","protected":false},"author":2,"featured_media":0,"parent":4080,"menu_order":51,"comment_status":"closed","ping_status":"closed","template":"","meta":{"footnotes":""},"class_list":["post-4104","page","type-page","status-publish","hentry"],"_links":{"self":[{"href":"https:\/\/www.sanemaltayli.com\/en\/wp-json\/wp\/v2\/pages\/4104","targetHints":{"allow":["GET"]}}],"collection":[{"href":"https:\/\/www.sanemaltayli.com\/en\/wp-json\/wp\/v2\/pages"}],"about":[{"href":"https:\/\/www.sanemaltayli.com\/en\/wp-json\/wp\/v2\/types\/page"}],"author":[{"embeddable":true,"href":"https:\/\/www.sanemaltayli.com\/en\/wp-json\/wp\/v2\/users\/2"}],"replies":[{"embeddable":true,"href":"https:\/\/www.sanemaltayli.com\/en\/wp-json\/wp\/v2\/comments?post=4104"}],"version-history":[{"count":1,"href":"https:\/\/www.sanemaltayli.com\/en\/wp-json\/wp\/v2\/pages\/4104\/revisions"}],"predecessor-version":[{"id":4319,"href":"https:\/\/www.sanemaltayli.com\/en\/wp-json\/wp\/v2\/pages\/4104\/revisions\/4319"}],"up":[{"embeddable":true,"href":"https:\/\/www.sanemaltayli.com\/en\/wp-json\/wp\/v2\/pages\/4080"}],"wp:attachment":[{"href":"https:\/\/www.sanemaltayli.com\/en\/wp-json\/wp\/v2\/media?parent=4104"}],"curies":[{"name":"wp","href":"https:\/\/api.w.org\/{rel}","templated":true}]}}